{"id":950,"date":"2024-02-06T10:18:31","date_gmt":"2024-02-06T10:18:31","guid":{"rendered":"https:\/\/www.afmainsercio.org\/?page_id=950"},"modified":"2024-04-18T09:47:24","modified_gmt":"2024-04-18T09:47:24","slug":"projectes","status":"publish","type":"page","link":"http:\/\/www.afmainsercio.org\/es\/projectes\/","title":{"rendered":"Proyectos"},"content":{"rendered":"<div id=\"fws_69f3fcdb029f1\"  data-column-margin=\"default\" data-midnight=\"dark\"  class=\"wpb_row vc_row-fluid vc_row  top_margin_20px right_margin_20px bottom_margin_20px left_margin_20px right_padding_30px left_padding_30px\"  style=\"padding-top: 30px; padding-bottom: 30px; \"><div class=\"row-bg-wrap\" data-bg-animation=\"none\" data-bg-animation-delay=\"\" data-bg-overlay=\"false\"><div class=\"inner-wrap row-bg-layer\" ><div class=\"row-bg viewport-desktop\"  style=\"\"><\/div><\/div><\/div><div class=\"row_col_wrap_12 col span_12 dark left\">\n\t<div  class=\"vc_col-sm-8 wpb_column column_container vc_column_container col no-extra-padding inherit_tablet inherit_phone\"  data-padding-pos=\"all\" data-has-bg-color=\"false\" data-bg-color=\"\" data-bg-opacity=\"1\" data-animation=\"\" data-delay=\"0\" >\n\t\t<div class=\"vc_column-inner\" >\n\t\t\t<div class=\"wpb_wrapper\">\n\t\t\t\t\n<div class=\"wpb_text_column wpb_content_element\" >\n\t<h2>Fomentando oportunidades a trav\u00e9s de la formaci\u00f3n profesional y t\u00e9cnica<\/h2>\n<p>&nbsp;<\/p>\n<p>El proyecto \u201c<strong>Reacondicionamiento Sostenible<\/strong>\" ofrece una <strong>formaci\u00f3n integral<\/strong> que prepara a los participantes para <strong>afrontar<\/strong> los <strong>retos del mercado laboral actual, dot\u00e1ndoles<\/strong> de las <strong>competencias necesarias<\/strong> en <strong>tecnolog\u00edas sostenibles<\/strong> y <strong>reacondicionamiento de aparatos electr\u00f3nicos<\/strong>. Esta iniciativa no solo <strong>reduce el impacto ambiental derivado del desperdicio tecnol\u00f3gico,<\/strong> sino que tambi\u00e9n <strong>abre puertas a nuevas oportunidades laborales<\/strong> para personas que buscan una segunda oportunidad.<\/p>\n<h3>Objetivos del Proyecto<\/h3>\n<ul>\n<li><strong>Inclusi\u00f3n laboral<\/strong>: Integrar en el mercado de trabajo a individuos de colectivos con dificultades de integraci\u00f3n laboral.<\/li>\n<li><strong>Reducci\u00f3n del desperdicio tecnol\u00f3gico<\/strong>: Implementar pr\u00e1cticas de reacondicionamiento que minimicen los residuos electr\u00f3nicos.<\/li>\n<li><strong>Capacitaci\u00f3n t\u00e9cnica especializada<\/strong>: Ofrece formaci\u00f3n en alfabetizaci\u00f3n digital y reacondicionamiento de aparatos electr\u00f3nicos.<\/li>\n<\/ul>\n<h3>Diversidad y Oportunidad para Todos<\/h3>\n<p>Este proyecto est\u00e1 dise\u00f1ado para 120 participantes, incluyendo a ex internos de centros penitenciarios y migrantes en situaci\u00f3n de vulnerabilidad, focaliz\u00e1ndose en dos grupos de edad cr\u00edticos: j\u00f3venes de entre 18 y 25 a\u00f1os y adultos mayores de 55 a\u00f1os. Nos comprometemos a ofrecer igualdad de oportunidades y equidad de g\u00e9nero a trav\u00e9s de nuestro programa formativo.<\/p>\n<\/div>\n\n\n\n<div class=\"img-with-aniamtion-wrap\" data-max-width=\"100%\" data-max-width-mobile=\"default\" data-shadow=\"none\" data-animation=\"none\"  style=\"margin-top: 20px; margin-bottom: 20px; \">\n      <div class=\"inner\">\n        <div class=\"hover-wrap\"> \n          <div class=\"hover-wrap-inner\">\n            <a href=\"https:\/\/www.afmainsercio.org\/wp-content\/uploads\/2024\/04\/SDG-11-make-cities-inclusive-safe-resilient-and-sustainable-2.png\" class=\"pp\">\n              <img loading=\"lazy\" decoding=\"async\" class=\"img-with-animation skip-lazy\" data-delay=\"0\" height=\"1080\" width=\"1080\" data-animation=\"none\" src=\"https:\/\/www.afmainsercio.org\/wp-content\/uploads\/2024\/04\/SDG-11-make-cities-inclusive-safe-resilient-and-sustainable-2.png\" alt=\"Participants del projecte Recondicionament sostenible\" srcset=\"https:\/\/www.afmainsercio.org\/wp-content\/uploads\/2024\/04\/SDG-11-make-cities-inclusive-safe-resilient-and-sustainable-2.png 1080w, https:\/\/www.afmainsercio.org\/wp-content\/uploads\/2024\/04\/SDG-11-make-cities-inclusive-safe-resilient-and-sustainable-2-300x300.png 300w, https:\/\/www.afmainsercio.org\/wp-content\/uploads\/2024\/04\/SDG-11-make-cities-inclusive-safe-resilient-and-sustainable-2-600x600.png 600w, https:\/\/www.afmainsercio.org\/wp-content\/uploads\/2024\/04\/SDG-11-make-cities-inclusive-safe-resilient-and-sustainable-2-150x150.png 150w, https:\/\/www.afmainsercio.org\/wp-content\/uploads\/2024\/04\/SDG-11-make-cities-inclusive-safe-resilient-and-sustainable-2-768x768.png 768w, https:\/\/www.afmainsercio.org\/wp-content\/uploads\/2024\/04\/SDG-11-make-cities-inclusive-safe-resilient-and-sustainable-2-100x100.png 100w, https:\/\/www.afmainsercio.org\/wp-content\/uploads\/2024\/04\/SDG-11-make-cities-inclusive-safe-resilient-and-sustainable-2-140x140.png 140w, https:\/\/www.afmainsercio.org\/wp-content\/uploads\/2024\/04\/SDG-11-make-cities-inclusive-safe-resilient-and-sustainable-2-500x500.png 500w, https:\/\/www.afmainsercio.org\/wp-content\/uploads\/2024\/04\/SDG-11-make-cities-inclusive-safe-resilient-and-sustainable-2-350x350.png 350w, https:\/\/www.afmainsercio.org\/wp-content\/uploads\/2024\/04\/SDG-11-make-cities-inclusive-safe-resilient-and-sustainable-2-1000x1000.png 1000w, https:\/\/www.afmainsercio.org\/wp-content\/uploads\/2024\/04\/SDG-11-make-cities-inclusive-safe-resilient-and-sustainable-2-800x800.png 800w\" sizes=\"auto, (max-width: 1080px) 100vw, 1080px\" \/>\n            <\/a>\n          <\/div>\n        <\/div>\n         \n      <\/div>\n      <\/div>\n<div class=\"wpb_text_column wpb_content_element\" >\n\t<h3>Fases del Proyecto<\/h3>\n<p>1. <strong>Alfabetizaci\u00f3n digital b\u00e1sica<\/strong>: Competencias fundamentales para operar en un entorno digital.<br \/>\n2. <strong>Especializaci\u00f3n en reacondicionamiento de aparatos electr\u00f3nicos<\/strong>: Formaci\u00f3n avanzada impartida por profesionales de IWAKY.<br \/>\n3. <strong>Inserci\u00f3n laboral<\/strong>: Asistencia en la transici\u00f3n al autoempleo o integraci\u00f3n en empresas comprometidas con pr\u00e1cticas sostenibles.<\/p>\n<h3>Colaboradores- Una Alianza para el Cambio Positivo<\/h3>\n<ul>\n<li>Fundaci\u00f3n AFMA: Coordina y lidera el proyecto, aportando recursos y estrategia.<\/li>\n<li>IWAKY: Provee experiencia t\u00e9cnica y apoyo en la formaci\u00f3n especializada.<\/li>\n<li>Fundaci\u00f3n \u201cla Caixa\u201d: Financia iniciativas que promueven la inclusi\u00f3n y sostenibilidad.<\/li>\n<li>Fundaci\u00f3n Migra Studium y Fundaci\u00f3n Obra Mercedaria: Ofrecen apoyo log\u00edstico y facilitan la integraci\u00f3n de los participantes.<\/li>\n<\/ul>\n<h3>Contacto<\/h3>\n<p>Si deseas saber m\u00e1s sobre el \u201cReacondicionamiento Sostenible\u201d o quieres formar parte de esta iniciativa como colaborador o voluntario, cont\u00e1ctanos enviando un email a <a href=\"mailto:afma@afmainsercio.org\">afma@afmainsercio.org<\/a><\/p>\n<\/div>\n\n\n\n<div class=\"img-with-aniamtion-wrap\" data-max-width=\"100%\" data-max-width-mobile=\"default\" data-shadow=\"none\" data-animation=\"none\"  style=\"margin-top: 20px; \">\n      <div class=\"inner\">\n        <div class=\"hover-wrap\"> \n          <div class=\"hover-wrap-inner\">\n            <a href=\"https:\/\/www.afmainsercio.org\/wp-content\/uploads\/2024\/04\/Recondicionament-Sostenible-Una-oportunitat-per-a-l_inclusio-i-la-sostenibilitat.jpg\" class=\"pp\">\n              <img loading=\"lazy\" decoding=\"async\" class=\"img-with-animation skip-lazy\" data-delay=\"0\" height=\"800\" width=\"1600\" data-animation=\"none\" src=\"https:\/\/www.afmainsercio.org\/wp-content\/uploads\/2024\/04\/Recondicionament-Sostenible-Una-oportunitat-per-a-l_inclusio-i-la-sostenibilitat.jpg\" alt=\"Col\u00b7laboradors del projecte Recondicionament sostenible\" srcset=\"https:\/\/www.afmainsercio.org\/wp-content\/uploads\/2024\/04\/Recondicionament-Sostenible-Una-oportunitat-per-a-l_inclusio-i-la-sostenibilitat.jpg 1600w, https:\/\/www.afmainsercio.org\/wp-content\/uploads\/2024\/04\/Recondicionament-Sostenible-Una-oportunitat-per-a-l_inclusio-i-la-sostenibilitat-300x150.jpg 300w, https:\/\/www.afmainsercio.org\/wp-content\/uploads\/2024\/04\/Recondicionament-Sostenible-Una-oportunitat-per-a-l_inclusio-i-la-sostenibilitat-800x400.jpg 800w, https:\/\/www.afmainsercio.org\/wp-content\/uploads\/2024\/04\/Recondicionament-Sostenible-Una-oportunitat-per-a-l_inclusio-i-la-sostenibilitat-768x384.jpg 768w, https:\/\/www.afmainsercio.org\/wp-content\/uploads\/2024\/04\/Recondicionament-Sostenible-Una-oportunitat-per-a-l_inclusio-i-la-sostenibilitat-1536x768.jpg 1536w, https:\/\/www.afmainsercio.org\/wp-content\/uploads\/2024\/04\/Recondicionament-Sostenible-Una-oportunitat-per-a-l_inclusio-i-la-sostenibilitat-1000x500.jpg 1000w, https:\/\/www.afmainsercio.org\/wp-content\/uploads\/2024\/04\/Recondicionament-Sostenible-Una-oportunitat-per-a-l_inclusio-i-la-sostenibilitat-670x335.jpg 670w\" sizes=\"auto, (max-width: 1600px) 100vw, 1600px\" \/>\n            <\/a>\n          <\/div>\n        <\/div>\n         \n      <\/div>\n      <\/div>\n\t\t\t<\/div> \n\t\t<\/div>\n\t<\/div> \n\n\t<div style=\"margin-top: 20px; margin-bottom: 20px; \" class=\"vc_col-sm-4 wpb_column column_container vc_column_container col padding-2-percent right_margin_20px left_margin_20px inherit_tablet inherit_phone backdrop_filter_blur backdrop_blur_21\" data-using-bg=\"true\" data-padding-pos=\"all\" data-has-bg-color=\"true\" data-bg-color=\"#dfe158\" data-bg-opacity=\"1\" data-animation=\"\" data-delay=\"0\" >\n\t\t<div class=\"vc_column-inner\" ><div class=\"column-bg-overlay-wrap column-bg-layer\" data-bg-animation=\"none\"><div class=\"column-bg-overlay\" style=\"opacity: 1; background-color: #dfe158;\"><\/div><\/div>\n\t\t\t<div class=\"wpb_wrapper\">\n\t\t\t\t<div class=\"img-with-aniamtion-wrap\" data-max-width=\"100%\" data-max-width-mobile=\"default\" data-shadow=\"none\" data-animation=\"none\" >\n      <div class=\"inner\">\n        <div class=\"hover-wrap\"> \n          <div class=\"hover-wrap-inner\">\n            <a href=\"https:\/\/www.afmainsercio.org\/wp-content\/uploads\/2024\/04\/MERCEDARIOS-2-FEB2412.jpg\" class=\"pp\">\n              <img loading=\"lazy\" decoding=\"async\" class=\"img-with-animation skip-lazy\" data-delay=\"0\" height=\"600\" width=\"800\" data-animation=\"none\" src=\"https:\/\/www.afmainsercio.org\/wp-content\/uploads\/2024\/04\/MERCEDARIOS-2-FEB2412.jpg\" alt=\"\" srcset=\"https:\/\/www.afmainsercio.org\/wp-content\/uploads\/2024\/04\/MERCEDARIOS-2-FEB2412.jpg 800w, https:\/\/www.afmainsercio.org\/wp-content\/uploads\/2024\/04\/MERCEDARIOS-2-FEB2412-300x225.jpg 300w, https:\/\/www.afmainsercio.org\/wp-content\/uploads\/2024\/04\/MERCEDARIOS-2-FEB2412-768x576.jpg 768w\" sizes=\"auto, (max-width: 800px) 100vw, 800px\" \/>\n            <\/a>\n          <\/div>\n        <\/div>\n         \n      <\/div>\n      <\/div><div class=\"img-with-aniamtion-wrap\" data-max-width=\"100%\" data-max-width-mobile=\"default\" data-shadow=\"none\" data-animation=\"none\" >\n      <div class=\"inner\">\n        <div class=\"hover-wrap\"> \n          <div class=\"hover-wrap-inner\">\n            <a href=\"https:\/\/www.afmainsercio.org\/wp-content\/uploads\/2024\/04\/Arrels-LLEIDA-FEB246.jpg\" class=\"pp\">\n              <img loading=\"lazy\" decoding=\"async\" class=\"img-with-animation skip-lazy\" data-delay=\"0\" height=\"600\" width=\"800\" data-animation=\"none\" src=\"https:\/\/www.afmainsercio.org\/wp-content\/uploads\/2024\/04\/Arrels-LLEIDA-FEB246.jpg\" alt=\"\" srcset=\"https:\/\/www.afmainsercio.org\/wp-content\/uploads\/2024\/04\/Arrels-LLEIDA-FEB246.jpg 800w, https:\/\/www.afmainsercio.org\/wp-content\/uploads\/2024\/04\/Arrels-LLEIDA-FEB246-300x225.jpg 300w, https:\/\/www.afmainsercio.org\/wp-content\/uploads\/2024\/04\/Arrels-LLEIDA-FEB246-768x576.jpg 768w\" sizes=\"auto, (max-width: 800px) 100vw, 800px\" \/>\n            <\/a>\n          <\/div>\n        <\/div>\n         \n      <\/div>\n      <\/div><div class=\"img-with-aniamtion-wrap\" data-max-width=\"100%\" data-max-width-mobile=\"default\" data-shadow=\"none\" data-animation=\"none\" >\n      <div class=\"inner\">\n        <div class=\"hover-wrap\"> \n          <div class=\"hover-wrap-inner\">\n            <a href=\"https:\/\/www.afmainsercio.org\/wp-content\/uploads\/2024\/04\/LA-VINA-FEB2410.jpg\" class=\"pp\">\n              <img loading=\"lazy\" decoding=\"async\" class=\"img-with-animation skip-lazy\" data-delay=\"0\" height=\"600\" width=\"800\" data-animation=\"none\" src=\"https:\/\/www.afmainsercio.org\/wp-content\/uploads\/2024\/04\/LA-VINA-FEB2410.jpg\" alt=\"\" srcset=\"https:\/\/www.afmainsercio.org\/wp-content\/uploads\/2024\/04\/LA-VINA-FEB2410.jpg 800w, https:\/\/www.afmainsercio.org\/wp-content\/uploads\/2024\/04\/LA-VINA-FEB2410-300x225.jpg 300w, https:\/\/www.afmainsercio.org\/wp-content\/uploads\/2024\/04\/LA-VINA-FEB2410-768x576.jpg 768w\" sizes=\"auto, (max-width: 800px) 100vw, 800px\" \/>\n            <\/a>\n          <\/div>\n        <\/div>\n         \n      <\/div>\n      <\/div>\n\t\t\t<\/div> \n\t\t<\/div>\n\t<\/div> \n<\/div><\/div>","protected":false},"excerpt":{"rendered":"Fomentant oportunitats a trav\u00e9s de la formaci\u00f3 professional i t\u00e8cnica &nbsp; El projecte \"Recondicionament Sostenible\" ofereix una formaci\u00f3 integral que prepara als participants per afrontar els reptes del mercat laboral...","protected":false},"author":1,"featured_media":0,"parent":0,"menu_order":0,"comment_status":"closed","ping_status":"closed","template":"","meta":{"footnotes":""},"class_list":["post-950","page","type-page","status-publish"],"_links":{"self":[{"href":"http:\/\/www.afmainsercio.org\/es\/wp-json\/wp\/v2\/pages\/950","targetHints":{"allow":["GET"]}}],"collection":[{"href":"http:\/\/www.afmainsercio.org\/es\/wp-json\/wp\/v2\/pages"}],"about":[{"href":"http:\/\/www.afmainsercio.org\/es\/wp-json\/wp\/v2\/types\/page"}],"author":[{"embeddable":true,"href":"http:\/\/www.afmainsercio.org\/es\/wp-json\/wp\/v2\/users\/1"}],"replies":[{"embeddable":true,"href":"http:\/\/www.afmainsercio.org\/es\/wp-json\/wp\/v2\/comments?post=950"}],"version-history":[{"count":50,"href":"http:\/\/www.afmainsercio.org\/es\/wp-json\/wp\/v2\/pages\/950\/revisions"}],"predecessor-version":[{"id":1190,"href":"http:\/\/www.afmainsercio.org\/es\/wp-json\/wp\/v2\/pages\/950\/revisions\/1190"}],"wp:attachment":[{"href":"http:\/\/www.afmainsercio.org\/es\/wp-json\/wp\/v2\/media?parent=950"}],"curies":[{"name":"wp","href":"https:\/\/api.w.org\/{rel}","templated":true}]}}