{"id":950,"date":"2024-02-06T10:18:31","date_gmt":"2024-02-06T10:18:31","guid":{"rendered":"https:\/\/www.afmainsercio.org\/?page_id=950"},"modified":"2024-04-18T09:47:24","modified_gmt":"2024-04-18T09:47:24","slug":"projectes","status":"publish","type":"page","link":"http:\/\/www.afmainsercio.org\/ca\/projectes\/","title":{"rendered":"Projectes"},"content":{"rendered":"\n\t\t<div id=\"fws_69f3dc8159384\"  data-column-margin=\"default\" data-midnight=\"dark\"  class=\"wpb_row vc_row-fluid vc_row  top_margin_20px right_margin_20px bottom_margin_20px left_margin_20px right_padding_30px left_padding_30px\"  style=\"padding-top: 30px; padding-bottom: 30px; \"><div class=\"row-bg-wrap\" data-bg-animation=\"none\" data-bg-animation-delay=\"\" data-bg-overlay=\"false\"><div class=\"inner-wrap row-bg-layer\" ><div class=\"row-bg viewport-desktop\"  style=\"\"><\/div><\/div><\/div><div class=\"row_col_wrap_12 col span_12 dark left\">\n\t<div  class=\"vc_col-sm-8 wpb_column column_container vc_column_container col no-extra-padding inherit_tablet inherit_phone \"  data-padding-pos=\"all\" data-has-bg-color=\"false\" data-bg-color=\"\" data-bg-opacity=\"1\" data-animation=\"\" data-delay=\"0\" >\n\t\t<div class=\"vc_column-inner\" >\n\t\t\t<div class=\"wpb_wrapper\">\n\t\t\t\t\n<div class=\"wpb_text_column wpb_content_element \" >\n\t<h2>Fomentant oportunitats a trav\u00e9s de la formaci\u00f3 professional i t\u00e8cnica<\/h2>\n<p>&nbsp;<\/p>\n<p>El projecte &#8220;<strong>Recondicionament Sostenible<\/strong>&#8221; ofereix una <strong>formaci\u00f3 integral<\/strong> que prepara als participants per <strong>afrontar<\/strong> els <strong>reptes del mercat laboral actual, dotant-los<\/strong> de les <strong>compet\u00e8ncies necess\u00e0ries<\/strong> en <strong>tecnologies sostenibles<\/strong> i <strong>recondicionament d&#8217;aparells electr\u00f2nics<\/strong>. Aquesta iniciativa no sols <strong>redueix l&#8217;impacte ambiental derivat del malbaratament tecnol\u00f2gic,<\/strong> sin\u00f3 que tamb\u00e9 <strong>obre portes a noves oportunitats laborals<\/strong> per a persones que busquen una segona oportunitat.<\/p>\n<h3>Objectius del Projecte:<\/h3>\n<ul>\n<li><strong>Inclusi\u00f3 laboral<\/strong>: Integrar al mercat de treball a individus de col\u00b7lectius amb dificultats d&#8217;integraci\u00f3 laboral.<\/li>\n<li><strong>Reducci\u00f3 del malbaratament tecnol\u00f2gic<\/strong>: Implementar pr\u00e0ctiques de recondicionament que minimitzin els residus electr\u00f2nics.<\/li>\n<li><strong>Capacitaci\u00f3 t\u00e8cnica especialitzada<\/strong>: Ofereix formaci\u00f3 en alfabetitzaci\u00f3 digital i recondicionament d&#8217;aparells electr\u00f2nics.<\/li>\n<\/ul>\n<h3>Diversitat i Oportunitat per a Tots<\/h3>\n<p>Aquest projecte est\u00e0 dissenyat per a 120 participants, incloent-hi ex-interns de centres penitenciaris i migrants en situaci\u00f3 de vulnerabilitat, focalitzant-se en dos grups d&#8217;edat cr\u00edtics: joves d\u2019entre 18 i 25 anys i adults majors de 55 anys. Ens comprometem a oferir igualtat d&#8217;oportunitats i equitat de g\u00e8nere a trav\u00e9s del nostre programa formatiu.<\/p>\n<\/div>\n\n\n\n<div class=\"img-with-aniamtion-wrap \" data-max-width=\"100%\" data-max-width-mobile=\"default\" data-shadow=\"none\" data-animation=\"none\"  style=\"margin-top: 20px; margin-bottom: 20px; \">\n      <div class=\"inner\">\n        <div class=\"hover-wrap\"> \n          <div class=\"hover-wrap-inner\">\n            <a href=\"https:\/\/www.afmainsercio.org\/wp-content\/uploads\/2024\/04\/SDG-11-make-cities-inclusive-safe-resilient-and-sustainable-2.png\" class=\"pp \">\n              <img loading=\"lazy\" decoding=\"async\" class=\"img-with-animation skip-lazy\" data-delay=\"0\" height=\"1080\" width=\"1080\" data-animation=\"none\" src=\"https:\/\/www.afmainsercio.org\/wp-content\/uploads\/2024\/04\/SDG-11-make-cities-inclusive-safe-resilient-and-sustainable-2.png\" alt=\"Participants del projecte Recondicionament sostenible\" srcset=\"https:\/\/www.afmainsercio.org\/wp-content\/uploads\/2024\/04\/SDG-11-make-cities-inclusive-safe-resilient-and-sustainable-2.png 1080w, https:\/\/www.afmainsercio.org\/wp-content\/uploads\/2024\/04\/SDG-11-make-cities-inclusive-safe-resilient-and-sustainable-2-300x300.png 300w, https:\/\/www.afmainsercio.org\/wp-content\/uploads\/2024\/04\/SDG-11-make-cities-inclusive-safe-resilient-and-sustainable-2-600x600.png 600w, https:\/\/www.afmainsercio.org\/wp-content\/uploads\/2024\/04\/SDG-11-make-cities-inclusive-safe-resilient-and-sustainable-2-150x150.png 150w, https:\/\/www.afmainsercio.org\/wp-content\/uploads\/2024\/04\/SDG-11-make-cities-inclusive-safe-resilient-and-sustainable-2-768x768.png 768w, https:\/\/www.afmainsercio.org\/wp-content\/uploads\/2024\/04\/SDG-11-make-cities-inclusive-safe-resilient-and-sustainable-2-100x100.png 100w, https:\/\/www.afmainsercio.org\/wp-content\/uploads\/2024\/04\/SDG-11-make-cities-inclusive-safe-resilient-and-sustainable-2-140x140.png 140w, https:\/\/www.afmainsercio.org\/wp-content\/uploads\/2024\/04\/SDG-11-make-cities-inclusive-safe-resilient-and-sustainable-2-500x500.png 500w, https:\/\/www.afmainsercio.org\/wp-content\/uploads\/2024\/04\/SDG-11-make-cities-inclusive-safe-resilient-and-sustainable-2-350x350.png 350w, https:\/\/www.afmainsercio.org\/wp-content\/uploads\/2024\/04\/SDG-11-make-cities-inclusive-safe-resilient-and-sustainable-2-1000x1000.png 1000w, https:\/\/www.afmainsercio.org\/wp-content\/uploads\/2024\/04\/SDG-11-make-cities-inclusive-safe-resilient-and-sustainable-2-800x800.png 800w\" sizes=\"auto, (max-width: 1080px) 100vw, 1080px\" \/>\n            <\/a>\n          <\/div>\n        <\/div>\n         \n      <\/div>\n      <\/div>\n<div class=\"wpb_text_column wpb_content_element \" >\n\t<h3>Fases del Projecte<\/h3>\n<p>1. <strong>Alfabetitzaci\u00f3 digital b\u00e0sica<\/strong>: Compet\u00e8ncies fonamentals per operar en un entorn digital.<br \/>\n2. <strong>Especialitzaci\u00f3 en recondicionament d\u2019aparells electr\u00f2nics<\/strong>: Formaci\u00f3 avan\u00e7ada impartida per professionals d&#8217;IWAKY.<br \/>\n3. <strong>Inserci\u00f3 laboral<\/strong>: Assist\u00e8ncia en la transici\u00f3 a l&#8217;autoocupaci\u00f3 o integraci\u00f3 en\u00a0 empreses compromeses amb pr\u00e0ctiques sostenibles.<\/p>\n<h3>Col\u00b7laboradors- Una Alian\u00e7a per al Canvi Positiu<\/h3>\n<ul>\n<li>Fundaci\u00f3 AFMA: Coordina i lidera el projecte, aportant recursos i estrat\u00e8gia.<\/li>\n<li>IWAKY: Proveeix expertesa t\u00e8cnica i suport en la formaci\u00f3 especialitzada.<\/li>\n<li>Fundaci\u00f3 &#8220;la Caixa&#8221;: Finan\u00e7a iniciatives que promouen la inclusi\u00f3 i la sostenibilitat.<\/li>\n<li>Fundaci\u00f3 Migra Studium i Fundaci\u00f3 Obra Merced\u00e0ria: Ofereixen suport log\u00edstic i faciliten la integraci\u00f3 dels participants.<\/li>\n<\/ul>\n<h3>Contacte<\/h3>\n<p>Si desitges saber m\u00e9s sobre el &#8220;Recondicionament Sostenible&#8221; o vols formar part d\u2019aquesta iniciativa com a col\u00b7laborador o voluntari, contacta\u2019ns a <a href=\"mailto:afma@afmainsercio.org\">afma@afmainsercio.org<\/a><\/p>\n<\/div>\n\n\n\n<div class=\"img-with-aniamtion-wrap \" data-max-width=\"100%\" data-max-width-mobile=\"default\" data-shadow=\"none\" data-animation=\"none\"  style=\"margin-top: 20px; \">\n      <div class=\"inner\">\n        <div class=\"hover-wrap\"> \n          <div class=\"hover-wrap-inner\">\n            <a href=\"https:\/\/www.afmainsercio.org\/wp-content\/uploads\/2024\/04\/Recondicionament-Sostenible-Una-oportunitat-per-a-l_inclusio-i-la-sostenibilitat.jpg\" class=\"pp \">\n              <img loading=\"lazy\" decoding=\"async\" class=\"img-with-animation skip-lazy\" data-delay=\"0\" height=\"800\" width=\"1600\" data-animation=\"none\" src=\"https:\/\/www.afmainsercio.org\/wp-content\/uploads\/2024\/04\/Recondicionament-Sostenible-Una-oportunitat-per-a-l_inclusio-i-la-sostenibilitat.jpg\" alt=\"Col\u00b7laboradors del projecte Recondicionament sostenible\" srcset=\"https:\/\/www.afmainsercio.org\/wp-content\/uploads\/2024\/04\/Recondicionament-Sostenible-Una-oportunitat-per-a-l_inclusio-i-la-sostenibilitat.jpg 1600w, https:\/\/www.afmainsercio.org\/wp-content\/uploads\/2024\/04\/Recondicionament-Sostenible-Una-oportunitat-per-a-l_inclusio-i-la-sostenibilitat-300x150.jpg 300w, https:\/\/www.afmainsercio.org\/wp-content\/uploads\/2024\/04\/Recondicionament-Sostenible-Una-oportunitat-per-a-l_inclusio-i-la-sostenibilitat-800x400.jpg 800w, https:\/\/www.afmainsercio.org\/wp-content\/uploads\/2024\/04\/Recondicionament-Sostenible-Una-oportunitat-per-a-l_inclusio-i-la-sostenibilitat-768x384.jpg 768w, https:\/\/www.afmainsercio.org\/wp-content\/uploads\/2024\/04\/Recondicionament-Sostenible-Una-oportunitat-per-a-l_inclusio-i-la-sostenibilitat-1536x768.jpg 1536w, https:\/\/www.afmainsercio.org\/wp-content\/uploads\/2024\/04\/Recondicionament-Sostenible-Una-oportunitat-per-a-l_inclusio-i-la-sostenibilitat-1000x500.jpg 1000w, https:\/\/www.afmainsercio.org\/wp-content\/uploads\/2024\/04\/Recondicionament-Sostenible-Una-oportunitat-per-a-l_inclusio-i-la-sostenibilitat-670x335.jpg 670w\" sizes=\"auto, (max-width: 1600px) 100vw, 1600px\" \/>\n            <\/a>\n          <\/div>\n        <\/div>\n         \n      <\/div>\n      <\/div>\n\t\t\t<\/div> \n\t\t<\/div>\n\t<\/div> \n\n\t<div style=\"margin-top: 20px; margin-bottom: 20px; \" class=\"vc_col-sm-4 wpb_column column_container vc_column_container col padding-2-percent right_margin_20px left_margin_20px inherit_tablet inherit_phone backdrop_filter_blur backdrop_blur_21 \" data-using-bg=\"true\" data-padding-pos=\"all\" data-has-bg-color=\"true\" data-bg-color=\"#dfe158\" data-bg-opacity=\"1\" data-animation=\"\" data-delay=\"0\" >\n\t\t<div class=\"vc_column-inner\" ><div class=\"column-bg-overlay-wrap column-bg-layer\" data-bg-animation=\"none\"><div class=\"column-bg-overlay\" style=\"opacity: 1; background-color: #dfe158;\"><\/div><\/div>\n\t\t\t<div class=\"wpb_wrapper\">\n\t\t\t\t<div class=\"img-with-aniamtion-wrap \" data-max-width=\"100%\" data-max-width-mobile=\"default\" data-shadow=\"none\" data-animation=\"none\" >\n      <div class=\"inner\">\n        <div class=\"hover-wrap\"> \n          <div class=\"hover-wrap-inner\">\n            <a href=\"https:\/\/www.afmainsercio.org\/wp-content\/uploads\/2024\/04\/MERCEDARIOS-2-FEB2412.jpg\" class=\"pp \">\n              <img loading=\"lazy\" decoding=\"async\" class=\"img-with-animation skip-lazy\" data-delay=\"0\" height=\"600\" width=\"800\" data-animation=\"none\" src=\"https:\/\/www.afmainsercio.org\/wp-content\/uploads\/2024\/04\/MERCEDARIOS-2-FEB2412.jpg\" alt=\"\" srcset=\"https:\/\/www.afmainsercio.org\/wp-content\/uploads\/2024\/04\/MERCEDARIOS-2-FEB2412.jpg 800w, https:\/\/www.afmainsercio.org\/wp-content\/uploads\/2024\/04\/MERCEDARIOS-2-FEB2412-300x225.jpg 300w, https:\/\/www.afmainsercio.org\/wp-content\/uploads\/2024\/04\/MERCEDARIOS-2-FEB2412-768x576.jpg 768w\" sizes=\"auto, (max-width: 800px) 100vw, 800px\" \/>\n            <\/a>\n          <\/div>\n        <\/div>\n         \n      <\/div>\n      <\/div><div class=\"img-with-aniamtion-wrap \" data-max-width=\"100%\" data-max-width-mobile=\"default\" data-shadow=\"none\" data-animation=\"none\" >\n      <div class=\"inner\">\n        <div class=\"hover-wrap\"> \n          <div class=\"hover-wrap-inner\">\n            <a href=\"https:\/\/www.afmainsercio.org\/wp-content\/uploads\/2024\/04\/Arrels-LLEIDA-FEB246.jpg\" class=\"pp \">\n              <img loading=\"lazy\" decoding=\"async\" class=\"img-with-animation skip-lazy\" data-delay=\"0\" height=\"600\" width=\"800\" data-animation=\"none\" src=\"https:\/\/www.afmainsercio.org\/wp-content\/uploads\/2024\/04\/Arrels-LLEIDA-FEB246.jpg\" alt=\"\" srcset=\"https:\/\/www.afmainsercio.org\/wp-content\/uploads\/2024\/04\/Arrels-LLEIDA-FEB246.jpg 800w, https:\/\/www.afmainsercio.org\/wp-content\/uploads\/2024\/04\/Arrels-LLEIDA-FEB246-300x225.jpg 300w, https:\/\/www.afmainsercio.org\/wp-content\/uploads\/2024\/04\/Arrels-LLEIDA-FEB246-768x576.jpg 768w\" sizes=\"auto, (max-width: 800px) 100vw, 800px\" \/>\n            <\/a>\n          <\/div>\n        <\/div>\n         \n      <\/div>\n      <\/div><div class=\"img-with-aniamtion-wrap \" data-max-width=\"100%\" data-max-width-mobile=\"default\" data-shadow=\"none\" data-animation=\"none\" >\n      <div class=\"inner\">\n        <div class=\"hover-wrap\"> \n          <div class=\"hover-wrap-inner\">\n            <a href=\"https:\/\/www.afmainsercio.org\/wp-content\/uploads\/2024\/04\/LA-VINA-FEB2410.jpg\" class=\"pp \">\n              <img loading=\"lazy\" decoding=\"async\" class=\"img-with-animation skip-lazy\" data-delay=\"0\" height=\"600\" width=\"800\" data-animation=\"none\" src=\"https:\/\/www.afmainsercio.org\/wp-content\/uploads\/2024\/04\/LA-VINA-FEB2410.jpg\" alt=\"\" srcset=\"https:\/\/www.afmainsercio.org\/wp-content\/uploads\/2024\/04\/LA-VINA-FEB2410.jpg 800w, https:\/\/www.afmainsercio.org\/wp-content\/uploads\/2024\/04\/LA-VINA-FEB2410-300x225.jpg 300w, https:\/\/www.afmainsercio.org\/wp-content\/uploads\/2024\/04\/LA-VINA-FEB2410-768x576.jpg 768w\" sizes=\"auto, (max-width: 800px) 100vw, 800px\" \/>\n            <\/a>\n          <\/div>\n        <\/div>\n         \n      <\/div>\n      <\/div>\n\t\t\t<\/div> \n\t\t<\/div>\n\t<\/div> \n<\/div><\/div>\n","protected":false},"excerpt":{"rendered":"Fomentant oportunitats a trav\u00e9s de la formaci\u00f3 professional i t\u00e8cnica &nbsp; El projecte \"Recondicionament Sostenible\" ofereix una formaci\u00f3 integral que prepara als participants per afrontar els reptes del mercat laboral...","protected":false},"author":1,"featured_media":0,"parent":0,"menu_order":0,"comment_status":"closed","ping_status":"closed","template":"","meta":{"footnotes":""},"class_list":["post-950","page","type-page","status-publish"],"_links":{"self":[{"href":"http:\/\/www.afmainsercio.org\/ca\/wp-json\/wp\/v2\/pages\/950","targetHints":{"allow":["GET"]}}],"collection":[{"href":"http:\/\/www.afmainsercio.org\/ca\/wp-json\/wp\/v2\/pages"}],"about":[{"href":"http:\/\/www.afmainsercio.org\/ca\/wp-json\/wp\/v2\/types\/page"}],"author":[{"embeddable":true,"href":"http:\/\/www.afmainsercio.org\/ca\/wp-json\/wp\/v2\/users\/1"}],"replies":[{"embeddable":true,"href":"http:\/\/www.afmainsercio.org\/ca\/wp-json\/wp\/v2\/comments?post=950"}],"version-history":[{"count":50,"href":"http:\/\/www.afmainsercio.org\/ca\/wp-json\/wp\/v2\/pages\/950\/revisions"}],"predecessor-version":[{"id":1190,"href":"http:\/\/www.afmainsercio.org\/ca\/wp-json\/wp\/v2\/pages\/950\/revisions\/1190"}],"wp:attachment":[{"href":"http:\/\/www.afmainsercio.org\/ca\/wp-json\/wp\/v2\/media?parent=950"}],"curies":[{"name":"wp","href":"https:\/\/api.w.org\/{rel}","templated":true}]}}