{"id":809,"date":"2021-07-07T12:23:19","date_gmt":"2021-07-07T12:23:19","guid":{"rendered":"http:\/\/www.afmainsercio.org\/?page_id=809"},"modified":"2024-09-16T10:45:03","modified_gmt":"2024-09-16T10:45:03","slug":"missio-i-valors","status":"publish","type":"page","link":"http:\/\/www.afmainsercio.org\/ca\/missio-i-valors\/","title":{"rendered":"Missi\u00f3 i valors"},"content":{"rendered":"\n\t\t<div id=\"fws_69f3dbaac90e0\"  data-column-margin=\"default\" data-midnight=\"dark\"  class=\"wpb_row vc_row-fluid vc_row  right_padding_30px left_padding_30px\"  style=\"padding-top: 30px; padding-bottom: 30px; \"><div class=\"row-bg-wrap\" data-bg-animation=\"none\" data-bg-animation-delay=\"\" data-bg-overlay=\"false\"><div class=\"inner-wrap row-bg-layer\" ><div class=\"row-bg viewport-desktop\"  style=\"\"><\/div><\/div><\/div><div class=\"row_col_wrap_12 col span_12 dark left\">\n\t<div  class=\"vc_col-sm-12 wpb_column column_container vc_column_container col no-extra-padding inherit_tablet inherit_phone \"  data-padding-pos=\"all\" data-has-bg-color=\"false\" data-bg-color=\"\" data-bg-opacity=\"1\" data-animation=\"\" data-delay=\"0\" >\n\t\t<div class=\"vc_column-inner\" >\n\t\t\t<div class=\"wpb_wrapper\">\n\t\t\t\t\n<div class=\"wpb_text_column wpb_content_element \" >\n\t<p><!--vcv no format--><\/p>\n<div class=\"vce-row-container\" data-vce-boxed-width=\"true\">\n<div id=\"el-e0af88eb\" class=\"vce-row vce-row--col-gap-30 vce-row-equal-height vce-row-content--top\" data-vce-do-apply=\"all el-e0af88eb\">\n<h2 class=\"vce-content-background-container\">Missi\u00f3<\/h2>\n<div class=\"vce-row-content\" data-vce-element-content=\"true\">\n<div id=\"el-548d25d2\" class=\"vce-col vce-col--md-auto vce-col--xs-1 vce-col--xs-last vce-col--xs-first vce-col--sm-last vce-col--sm-first vce-col--md-last vce-col--lg-last vce-col--xl-last vce-col--md-first vce-col--lg-first vce-col--xl-first\">\n<div class=\"vce-col-inner\" data-vce-do-apply=\"border margin background el-548d25d2\">\n<div class=\"vce-col-content\" data-vce-element-content=\"true\" data-vce-do-apply=\"padding el-548d25d2\">\n<div class=\"vce-text-block\">\n<div id=\"el-a1154e57\" class=\"vce-text-block-wrapper vce\" data-vce-do-apply=\"all el-a1154e57\">\n<p>La nostra missi\u00f3 \u00e9s potenciar, crear i dissenyar projectes experimentals innovadors que millorin la qualitat de vida de les persones en situaci\u00f3 de vulnerabilitat. Com a Organitzaci\u00f3 No Governamental (ONG), ens dediquem a desenvolupar i promoure solucions creatives i efectives que tractin les necessitats m\u00e9s urgents de les comunitats desafavorides.<\/p>\n<p>Som conscients que moltes entitats que fan intervenci\u00f3 directa enfronten greus mancances de recursos econ\u00f2mics i personals. Aquestes limitacions sovint els impedeixen experimentar, provar noves metodologies i innovar en els enfocaments i les l\u00ednies d&#8217;intervenci\u00f3. La manca de recursos i la pressi\u00f3 constant per atendre les necessitats immediates poden restringir la seva capacitat per explorar noves solucions i millorar els programes.<\/p>\n<p>Per aix\u00f2, a AFMA ens enfoquem en tres eixos principals:<\/p>\n<ol>\n<li><strong>Crear<\/strong>: Desenvolupem i dissenyem projectes innovadors que aborden de manera efectiva els desafiaments que enfronten les persones vulnerables.<\/li>\n<li><strong>Experimentar<\/strong>: Implementem projectes pilot per provar noves estrat\u00e8gies i metodologies en l&#8217;\u00e0mbit de l&#8217;ocupabilitat i la integraci\u00f3 social.<\/li>\n<li><strong>Engegar<\/strong>: Facilitem l&#8217;aplicaci\u00f3 d&#8217;aquests projectes i estrat\u00e8gies, donant suport a les entitats del tercer sector perqu\u00e8 puguin adoptar i adaptar les nostres experi\u00e8ncies i models.<\/li>\n<\/ol>\n<p>Situem la nostra feina com un eix vertebrador de la integraci\u00f3 a trav\u00e9s de:<\/p>\n<ul>\n<li><strong>Mobilitat Territorial<\/strong>: Facilitem l&#8217;acc\u00e9s de les persones vulnerables a diferents regions i localitats perqu\u00e8 puguin aprofitar noves oportunitats laborals, educatives i socials. Aix\u00f2 tamb\u00e9 implica reduir desigualtats regionals en permetre que les persones en \u00e0rees menys afavorides accedeixin a recursos i serveis que normalment es concentren en \u00e0rees m\u00e9s desenvolupades. Promovem la inclusi\u00f3 social i econ\u00f2mica en connectar persones amb diferents comunitats i entorns.<\/li>\n<li><strong>Impuls de l&#8217;Ocupabilitat<\/strong>: Treballem en la creaci\u00f3, impuls o participaci\u00f3 en empreses de mercat que ocupin i cre\u00efn llocs de treball al mercat lliure. El nostre objectiu \u00e9s fomentar el desenvolupament de noves oportunitats laborals i millorar les condicions d&#8217;ocupaci\u00f3 per a col\u00b7lectius vulnerables, ajudant-los a integrar-se millor al mercat laboral.<\/li>\n<li><strong>Reducci\u00f3 de la Bretxa Tecnol\u00f2gica<\/strong>: Busquem reduir la bretxa tecnol\u00f2gica mitjan\u00e7ant una aproximaci\u00f3 proactiva a les noves tecnologies. Aix\u00f2 inclou garantir l&#8217;acc\u00e9s a equips inform\u00e0tics i internet, oferir formaci\u00f3 i capacitaci\u00f3 en habilitats digitals, promoure la inclusi\u00f3 digital i desenvolupar projectes pilot per explorar noves metodologies. A m\u00e9s, col\u00b7laborem amb entitats tecnol\u00f2giques per facilitar l&#8217;acc\u00e9s a eines i suport t\u00e8cnic, assegurant que la tecnologia es converteixi en una eina d&#8217;apoderament i no pas en un obstacle.<\/li>\n<\/ul>\n<p>Estem compromesos amb la millora continuada i l&#8217;adaptaci\u00f3 a les realitats emergents, amb l&#8217;objectiu de construir un futur m\u00e9s just i equitatiu per a tothom. Uneix-te a nosaltres en aquesta missi\u00f3 i descobreix com junts podem fer la difer\u00e8ncia.<\/p>\n<h2>Objecte<\/h2>\n<ul>\n<li>Promoure tot un conjunt de programes i iniciatives que afavoreixin el desenvolupament personal i social de col\u00b7lectius amb risc d\u2019exclusi\u00f3<\/li>\n<li>Col\u00b7laborar amb les Administracions per iniciar i portar a bon terme iniciatives destinades a facilitar la formaci\u00f3 i l\u2019adquisici\u00f3 d\u2019h\u00e0bits laborals que permetin la inserci\u00f3 de persones que estan o han estat sotmeses a mesures judicials<\/li>\n<li>Col\u00b7laborar i facilitar el treball d\u2019entitats que sense \u00e0nim de lucre treballen per aconseguir la igualtat d\u2019oportunitats pels col\u00b7lectius m\u00e9s marginats i especialment pels joves, homes i dones, que han estat penats<\/li>\n<li>Treballar amb altres iniciatives privades que facilitin la formaci\u00f3 i la inserci\u00f3 d\u2019acord amb la carta fundacional<\/li>\n<li>Participar i col\u00b7laborar en aquelles iniciatives que se signifiquin per conscienciar la societat sobre els drets humans en general, i els drets de les persones penades a tenir oportunitats per a la seva reinserci\u00f3 en la societat<\/li>\n<li>Qualsevol altra activitat que permeti una inserci\u00f3 laboral de persones amb poques possibilitats d\u2019acc\u00e9s als circuits del mercat de treball<\/li>\n<\/ul>\n<h2>Valors<\/h2>\n<p><strong>Autonomia<\/strong><br \/>\n<strong>Creixement personal<\/strong><br \/>\n<strong>Equitat de g\u00e8nere<\/strong><br \/>\n<strong>Igualtat<\/strong><br \/>\n<strong>Responsabilitat<\/strong><br \/>\n<strong>Solidaritat<\/strong><\/p>\n<\/div>\n<\/div>\n<\/div>\n<\/div>\n<\/div>\n<\/div>\n<\/div>\n<\/div>\n<\/div>\n\n\n\n\n\t\t\t<\/div> \n\t\t<\/div>\n\t<\/div> \n<\/div><\/div>\n","protected":false},"excerpt":{"rendered":"Missi\u00f3 La nostra missi\u00f3 \u00e9s potenciar, crear i dissenyar projectes experimentals innovadors que millorin la qualitat de vida de les persones en situaci\u00f3 de vulnerabilitat. Com a Organitzaci\u00f3 No Governamental...","protected":false},"author":1,"featured_media":0,"parent":0,"menu_order":0,"comment_status":"closed","ping_status":"closed","template":"","meta":{"footnotes":""},"class_list":["post-809","page","type-page","status-publish"],"_links":{"self":[{"href":"http:\/\/www.afmainsercio.org\/ca\/wp-json\/wp\/v2\/pages\/809","targetHints":{"allow":["GET"]}}],"collection":[{"href":"http:\/\/www.afmainsercio.org\/ca\/wp-json\/wp\/v2\/pages"}],"about":[{"href":"http:\/\/www.afmainsercio.org\/ca\/wp-json\/wp\/v2\/types\/page"}],"author":[{"embeddable":true,"href":"http:\/\/www.afmainsercio.org\/ca\/wp-json\/wp\/v2\/users\/1"}],"replies":[{"embeddable":true,"href":"http:\/\/www.afmainsercio.org\/ca\/wp-json\/wp\/v2\/comments?post=809"}],"version-history":[{"count":11,"href":"http:\/\/www.afmainsercio.org\/ca\/wp-json\/wp\/v2\/pages\/809\/revisions"}],"predecessor-version":[{"id":1202,"href":"http:\/\/www.afmainsercio.org\/ca\/wp-json\/wp\/v2\/pages\/809\/revisions\/1202"}],"wp:attachment":[{"href":"http:\/\/www.afmainsercio.org\/ca\/wp-json\/wp\/v2\/media?parent=809"}],"curies":[{"name":"wp","href":"https:\/\/api.w.org\/{rel}","templated":true}]}}